{"version":"1.0","provider_name":"Haberler","provider_url":"https:\/\/www.muhasebedersleri.com\/haber","author_name":"hkn","author_url":"https:\/\/www.muhasebedersleri.com\/haber\/author\/hkn\/","title":"2013-2014 E\u011fitim-\u00d6\u011fretim Y\u0131l\u0131 Ba\u015fl\u0131yor","type":"rich","width":600,"height":338,"html":"<blockquote class=\"wp-embedded-content\" data-secret=\"7oE8sGRAuq\"><a href=\"https:\/\/www.muhasebedersleri.com\/haber\/2013-2014-egitim-ogretim-yili-basliyor\/\">2013-2014 E\u011fitim-\u00d6\u011fretim Y\u0131l\u0131 Ba\u015fl\u0131yor<\/a><\/blockquote><iframe sandbox=\"allow-scripts\" security=\"restricted\" src=\"https:\/\/www.muhasebedersleri.com\/haber\/2013-2014-egitim-ogretim-yili-basliyor\/embed\/#?secret=7oE8sGRAuq\" width=\"600\" height=\"338\" title=\"&#8220;2013-2014 E\u011fitim-\u00d6\u011fretim Y\u0131l\u0131 Ba\u015fl\u0131yor&#8221; &#8212; Haberler\" data-secret=\"7oE8sGRAuq\" frameborder=\"0\" marginwidth=\"0\" marginheight=\"0\" scrolling=\"no\" class=\"wp-embedded-content\"><\/iframe><script type=\"text\/javascript\">\n\/* <![CDATA[ *\/\n\/*! This file is auto-generated *\/\n!function(d,l){\"use strict\";l.querySelector&&d.addEventListener&&\"undefined\"!=typeof URL&&(d.wp=d.wp||{},d.wp.receiveEmbedMessage||(d.wp.receiveEmbedMessage=function(e){var t=e.data;if((t||t.secret||t.message||t.value)&&!\/[^a-zA-Z0-9]\/.test(t.secret)){for(var s,r,n,a=l.querySelectorAll('iframe[data-secret=\"'+t.secret+'\"]'),o=l.querySelectorAll('blockquote[data-secret=\"'+t.secret+'\"]'),c=new RegExp(\"^https?:$\",\"i\"),i=0;i<o.length;i++)o[i].style.display=\"none\";for(i=0;i<a.length;i++)s=a[i],e.source===s.contentWindow&&(s.removeAttribute(\"style\"),\"height\"===t.message?(1e3<(r=parseInt(t.value,10))?r=1e3:~~r<200&&(r=200),s.height=r):\"link\"===t.message&&(r=new URL(s.getAttribute(\"src\")),n=new URL(t.value),c.test(n.protocol))&&n.host===r.host&&l.activeElement===s&&(d.top.location.href=t.value))}},d.addEventListener(\"message\",d.wp.receiveEmbedMessage,!1),l.addEventListener(\"DOMContentLoaded\",function(){for(var e,t,s=l.querySelectorAll(\"iframe.wp-embedded-content\"),r=0;r<s.length;r++)(t=(e=s[r]).getAttribute(\"data-secret\"))||(t=Math.random().toString(36).substring(2,12),e.src+=\"#?secret=\"+t,e.setAttribute(\"data-secret\",t)),e.contentWindow.postMessage({message:\"ready\",secret:t},\"*\")},!1)))}(window,document);\n\/* ]]> *\/\n<\/script>\n","description":"2013-2014 e\u011fitim-\u00f6\u011fretim y\u0131l\u0131, 16 eyl\u00fcl pazartesi g\u00fcn\u00fc ba\u015fl\u0131yor. Yakla\u015f\u0131k 17 milyon \u00f6\u011frenci ve 800 bin \u00f6\u011fretmen ilk ders zilinin \u00e7almas\u0131yla ders ba\u015f\u0131 yapacak. \u00d6\u011frenciler ve \u00f6\u011fretmenler \u00fc\u00e7 ay s\u00fcren yaz tatilinin ard\u0131ndan pazartesi g\u00fcn\u00fc, 13 Haziran 2014&#8217;e kadar s\u00fcrecek yeni e\u011fitim-\u00f6\u011fretim y\u0131l\u0131 maratonuna ba\u015flayacak. Yeni e\u011fitim-\u00f6\u011fretim y\u0131l\u0131n\u0131n ilk zili, Etimesgut Cahit Zarifo\u011flu \u0130lkokulu&#8217;nda, Milli E\u011fitim &hellip;"}