{"version":"1.0","provider_name":"Haberler","provider_url":"http:\/\/www.muhasebedersleri.com\/haber","author_name":"hkn","author_url":"http:\/\/www.muhasebedersleri.com\/haber\/author\/hkn\/","title":"\u0130\u015fsizlik \u00d6dene\u011finin Verilme S\u00fcresi ve Zaman\u0131","type":"rich","width":600,"height":338,"html":"<blockquote class=\"wp-embedded-content\" data-secret=\"4K9Ruz4Dza\"><a href=\"http:\/\/www.muhasebedersleri.com\/haber\/issizlik-odeneginin-verilme-suresi-ve-zamani\/\">\u0130\u015fsizlik \u00d6dene\u011finin Verilme S\u00fcresi ve Zaman\u0131<\/a><\/blockquote><iframe sandbox=\"allow-scripts\" security=\"restricted\" src=\"http:\/\/www.muhasebedersleri.com\/haber\/issizlik-odeneginin-verilme-suresi-ve-zamani\/embed\/#?secret=4K9Ruz4Dza\" width=\"600\" height=\"338\" title=\"&#8220;\u0130\u015fsizlik \u00d6dene\u011finin Verilme S\u00fcresi ve Zaman\u0131&#8221; &#8212; Haberler\" data-secret=\"4K9Ruz4Dza\" frameborder=\"0\" marginwidth=\"0\" marginheight=\"0\" scrolling=\"no\" class=\"wp-embedded-content\"><\/iframe><script type=\"text\/javascript\">\n\/* <![CDATA[ *\/\n\/*! This file is auto-generated *\/\n!function(d,l){\"use strict\";l.querySelector&&d.addEventListener&&\"undefined\"!=typeof URL&&(d.wp=d.wp||{},d.wp.receiveEmbedMessage||(d.wp.receiveEmbedMessage=function(e){var t=e.data;if((t||t.secret||t.message||t.value)&&!\/[^a-zA-Z0-9]\/.test(t.secret)){for(var s,r,n,a=l.querySelectorAll('iframe[data-secret=\"'+t.secret+'\"]'),o=l.querySelectorAll('blockquote[data-secret=\"'+t.secret+'\"]'),c=new RegExp(\"^https?:$\",\"i\"),i=0;i<o.length;i++)o[i].style.display=\"none\";for(i=0;i<a.length;i++)s=a[i],e.source===s.contentWindow&&(s.removeAttribute(\"style\"),\"height\"===t.message?(1e3<(r=parseInt(t.value,10))?r=1e3:~~r<200&&(r=200),s.height=r):\"link\"===t.message&&(r=new URL(s.getAttribute(\"src\")),n=new URL(t.value),c.test(n.protocol))&&n.host===r.host&&l.activeElement===s&&(d.top.location.href=t.value))}},d.addEventListener(\"message\",d.wp.receiveEmbedMessage,!1),l.addEventListener(\"DOMContentLoaded\",function(){for(var e,t,s=l.querySelectorAll(\"iframe.wp-embedded-content\"),r=0;r<s.length;r++)(t=(e=s[r]).getAttribute(\"data-secret\"))||(t=Math.random().toString(36).substring(2,12),e.src+=\"#?secret=\"+t,e.setAttribute(\"data-secret\",t)),e.contentWindow.postMessage({message:\"ready\",secret:t},\"*\")},!1)))}(window,document);\n\/* ]]> *\/\n<\/script>\n","description":"\u0130\u015fsizlik \u00f6dene\u011finin verilme s\u00fcresi ve zaman\u0131:\u00a0Hizmet akdinin sona ermesinden \u00f6nceki son 120 g\u00fcn prim \u00f6deyerek s\u00fcrekli \u00e7al\u0131\u015fm\u0131\u015f olanlardan, son \u00fc\u00e7 y\u0131l i\u00e7inde; a) 600 g\u00fcn sigortal\u0131 olarak \u00e7al\u0131\u015f\u0131p i\u015fsizlik sigortas\u0131 primi \u00f6demi\u015f olan sigortal\u0131 i\u015fsizlere 180 g\u00fcn, b) 900 g\u00fcn sigortal\u0131 olarak \u00e7al\u0131\u015f\u0131p i\u015fsizlik sigortas\u0131 primi \u00f6demi\u015f olan sigortal\u0131 i\u015fsizlere 240 g\u00fcn, c) 1080 g\u00fcn &hellip;"}